{"id":372,"date":"2020-06-07T09:58:27","date_gmt":"2020-06-07T09:58:27","guid":{"rendered":"http:\/\/ra-lenkeit.de\/?page_id=372"},"modified":"2023-05-13T17:34:35","modified_gmt":"2023-05-13T17:34:35","slug":"datenschutz","status":"publish","type":"page","link":"https:\/\/ra-lenkeit.de\/Fachanwalt-Arbeitsrecht\/datenschutz\/","title":{"rendered":"Datenschutz"},"content":{"rendered":"\t\t<div data-elementor-type=\"wp-page\" data-elementor-id=\"372\" class=\"elementor elementor-372\">\n\t\t\t\t\t\t<section class=\"elementor-section elementor-top-section elementor-element elementor-element-055950f elementor-section-full_width elementor-section-height-default elementor-section-height-default\" data-id=\"055950f\" data-element_type=\"section\" data-e-type=\"section\">\n\t\t\t\t\t\t<div class=\"elementor-container elementor-column-gap-no\">\n\t\t\t\t\t<div class=\"elementor-column elementor-col-100 elementor-top-column elementor-element elementor-element-4ee7635\" data-id=\"4ee7635\" data-element_type=\"column\" data-e-type=\"column\">\n\t\t\t<div class=\"elementor-widget-wrap\">\n\t\t\t\t\t\t\t<\/div>\n\t\t<\/div>\n\t\t\t\t\t<\/div>\n\t\t<\/section>\n\t\t\t\t<section class=\"elementor-section elementor-top-section elementor-element elementor-element-53da9aa8 elementor-section-items-top elementor-section-height-min-height elementor-section-boxed elementor-section-height-default\" data-id=\"53da9aa8\" data-element_type=\"section\" data-e-type=\"section\" data-settings=\"{&quot;background_background&quot;:&quot;classic&quot;,&quot;shape_divider_bottom&quot;:&quot;opacity-tilt&quot;}\">\n\t\t\t\t\t<div class=\"elementor-shape elementor-shape-bottom\" aria-hidden=\"true\" data-negative=\"false\">\n\t\t\t<svg xmlns=\"http:\/\/www.w3.org\/2000\/svg\" viewBox=\"0 0 2600 131.1\" preserveAspectRatio=\"none\">\n\t<path class=\"elementor-shape-fill\" d=\"M0 0L2600 0 2600 69.1 0 0z\"\/>\n\t<path class=\"elementor-shape-fill\" style=\"opacity:0.5\" d=\"M0 0L2600 0 2600 69.1 0 69.1z\"\/>\n\t<path class=\"elementor-shape-fill\" style=\"opacity:0.25\" d=\"M2600 0L0 0 0 130.1 2600 69.1z\"\/>\n<\/svg>\t\t<\/div>\n\t\t\t\t\t<div class=\"elementor-container elementor-column-gap-default\">\n\t\t\t\t\t<div class=\"elementor-column elementor-col-100 elementor-top-column elementor-element elementor-element-5b42144d\" data-id=\"5b42144d\" data-element_type=\"column\" data-e-type=\"column\">\n\t\t\t<div class=\"elementor-widget-wrap elementor-element-populated\">\n\t\t\t\t\t\t<div class=\"elementor-element elementor-element-252ecbd6 elementor-fixed elementor-widget elementor-widget-heading\" data-id=\"252ecbd6\" data-element_type=\"widget\" data-e-type=\"widget\" data-settings=\"{&quot;_position&quot;:&quot;fixed&quot;}\" data-widget_type=\"heading.default\">\n\t\t\t\t<div class=\"elementor-widget-container\">\n\t\t\t\t\t<h1 class=\"elementor-heading-title elementor-size-large\">Datenschutz<\/h1>\t\t\t\t<\/div>\n\t\t\t\t<\/div>\n\t\t\t\t<div class=\"elementor-element elementor-element-5d9f1cf3 elementor-fixed elementor-widget-divider--view-line elementor-widget elementor-widget-divider\" data-id=\"5d9f1cf3\" data-element_type=\"widget\" data-e-type=\"widget\" data-settings=\"{&quot;_position&quot;:&quot;fixed&quot;}\" data-widget_type=\"divider.default\">\n\t\t\t\t<div class=\"elementor-widget-container\">\n\t\t\t\t\t\t\t<div class=\"elementor-divider\">\n\t\t\t<span class=\"elementor-divider-separator\">\n\t\t\t\t\t\t<\/span>\n\t\t<\/div>\n\t\t\t\t\t\t<\/div>\n\t\t\t\t<\/div>\n\t\t\t\t<div class=\"elementor-element elementor-element-20130bc8 elementor-fixed elementor-widget elementor-widget-heading\" data-id=\"20130bc8\" data-element_type=\"widget\" data-e-type=\"widget\" data-settings=\"{&quot;_position&quot;:&quot;fixed&quot;}\" data-widget_type=\"heading.default\">\n\t\t\t\t<div class=\"elementor-widget-container\">\n\t\t\t\t\t<h2 class=\"elementor-heading-title elementor-size-medium\">der dem besonderen<\/br>Vertrauensverh\u00e4ltnis Rechnung tr\u00e4gt<\/h2>\t\t\t\t<\/div>\n\t\t\t\t<\/div>\n\t\t\t\t<div class=\"elementor-element elementor-element-4b1e91a7 elementor-widget elementor-widget-spacer\" data-id=\"4b1e91a7\" data-element_type=\"widget\" data-e-type=\"widget\" data-widget_type=\"spacer.default\">\n\t\t\t\t<div class=\"elementor-widget-container\">\n\t\t\t\t\t\t\t<div class=\"elementor-spacer\">\n\t\t\t<div class=\"elementor-spacer-inner\"><\/div>\n\t\t<\/div>\n\t\t\t\t\t\t<\/div>\n\t\t\t\t<\/div>\n\t\t\t\t\t<\/div>\n\t\t<\/div>\n\t\t\t\t\t<\/div>\n\t\t<\/section>\n\t\t\t\t<section class=\"elementor-section elementor-top-section elementor-element elementor-element-5e5bb76a elementor-section-boxed elementor-section-height-default elementor-section-height-default\" data-id=\"5e5bb76a\" data-element_type=\"section\" data-e-type=\"section\" data-settings=\"{&quot;background_background&quot;:&quot;classic&quot;}\">\n\t\t\t\t\t\t<div class=\"elementor-container elementor-column-gap-no\">\n\t\t\t\t\t<div class=\"elementor-column elementor-col-100 elementor-top-column elementor-element elementor-element-2fb9f8a7\" data-id=\"2fb9f8a7\" data-element_type=\"column\" data-e-type=\"column\">\n\t\t\t<div class=\"elementor-widget-wrap elementor-element-populated\">\n\t\t\t\t\t\t<div class=\"elementor-element elementor-element-2c4a32cc elementor-widget elementor-widget-text-editor\" data-id=\"2c4a32cc\" data-element_type=\"widget\" data-e-type=\"widget\" data-widget_type=\"text-editor.default\">\n\t\t\t\t<div class=\"elementor-widget-container\">\n\t\t\t\t\t\t\t\t\t<p><strong>Datenschutzerkl\u00e4rung<\/strong><\/p><p>In dieser Datenschutzerkl\u00e4rung informieren wir Sie \u00fcber die Verarbeitung personenbezogener Daten bei der Nutzung dieser Website.<\/p><p><strong>Verantwortlicher<\/strong><\/p><p>Verantwortlich f\u00fcr die Datenverarbeitung ist<br \/><em>Daniel Lenkeit, Emmerich-Josef-Str. 18, 55116 Mainz, Tel 06131 \/ 972 04 42, Email: info@ra-lenkeit.de<\/em><\/p><p><strong>Personenbezogene Daten<\/strong><\/p><p>Personenbezogene Daten sind alle Informationen, die sich auf eine identifizierte oder identifizierbare nat\u00fcrliche Person (im Folgenden &#8222;betroffene Person&#8220;) beziehen. Als identifizierbar wird eine nat\u00fcrliche Person angesehen, die direkt oder indirekt, insbesondere mittels Zuordnung zu einer Kennung wie einem Namen, zu einer Kennnummer, zu Standortdaten, zu einer Online-Kennung oder zu einem oder mehreren besonderen Merkmalen identifiziert werden kann, die Ausdruck der physischen, physiologischen, genetischen, psychischen, wirtschaftlichen, kulturellen oder sozialen Identit\u00e4t dieser nat\u00fcrlichen Person sind.<\/p><p><strong>Daten beim Websiteaufruf<\/strong><\/p><p>Wenn Sie diese Website nur nutzen, um sich zu informieren und keine Daten angeben, dann verarbeiten wir nur die Daten, die zur Anzeige der Website auf dem von Ihnen verwendeten internetf\u00e4higen Ger\u00e4t erforderlich sind. Das sind insbesondere:<\/p><ul><li style=\"list-style-type: none;\"><ul><li>IP-Adresse<\/li><li>Datum und Uhrzeit der Anfrage<\/li><li>jeweils \u00fcbertragene Datenmenge<\/li><li>die Website, von der die Anforderung kommt<\/li><li>Browsertyp und Browserversion<\/li><li>Betriebssystem<\/li><\/ul><\/li><\/ul><p>Rechtsgrundlage f\u00fcr die Verarbeitung dieser Daten sind berechtigte Interessen gem\u00e4\u00df Art. 6 Abs. 1 UAbs. 1 Buchstabe f) DSGVO, um die Darstellung der Website grunds\u00e4tzlich zu erm\u00f6glichen.<\/p><p>Dar\u00fcber hinaus k\u00f6nnen Sie verschiedene Leistungen auf der Website nutzen, bei der weitere personenbezogene und nicht personenbezogene Daten verarbeitet werden.<\/p><p><strong>Ihre Rechte<\/strong><\/p><p>Als betroffene Person haben Sie folgende Rechte:<\/p><ul><li style=\"list-style-type: none;\"><ul><li>Sie haben ein Auskunftsrecht bez\u00fcglich der Sie betreffenden personenbezogenen Daten, die der Verantwortliche verarbeitet (Art. 15 DSGVO),<\/li><li>Sie haben das Recht auf Berichtigung der Sie betreffenden Daten, wenn diese unrichtig oder unvollst\u00e4ndig gespeichert werden (Art. 16 DSGVO),<\/li><li>Sie haben das Recht auf L\u00f6schung (Art. 17 DSGVO),<\/li><li>Sie haben das Recht, die Einschr\u00e4nkung der Verarbeitung Ihrer personenbezogenen Daten zu verlangen (Art. 18 DSGVO),<\/li><li>Sie haben das Recht auf Daten\u00fcbertragbarkeit (Art. 20 DSGVO),<\/li><li>Sie haben ein Widerspruchsrecht gegen die Verarbeitung Sie betreffender personenbezogener Daten (Art. 21 DSGVO),<\/li><li>Sie haben das Recht nicht einer ausschlie\u00dflich auf einer automatisierten Verarbeitung \u2013 einschlie\u00dflich Profiling \u2013 beruhenden Entscheidung unterworfen zu werden, die Ihnen gegen\u00fcber rechtliche Wirkung entfaltet oder sie in \u00e4hnlicher Weise erheblich beeintr\u00e4chtigt (Art. 22 DSGVO),<\/li><li>Sie haben das Recht, sich bei einem vermuteten Versto\u00df gegen das Datenschutzrecht bei der zust\u00e4ndigen Aufsichtsbeh\u00f6rde zu beschweren (Art. 77 DSGVO). Zust\u00e4ndig ist die Aufsichtsbeh\u00f6rde an Ihrem \u00fcblichen Aufenthaltsort, Arbeitsplatz oder am Ort des vermuteten Versto\u00dfes.<\/li><\/ul><\/li><\/ul><p><strong>Einsatz von Cookies\u00a0<\/strong><\/p><p>Beim Besuch der Website k\u00f6nnen Cookies auf Ihrem Ger\u00e4t gespeichert werden. Cookies sind kleine Textdateien, die von dem von Ihnen verwendeten Browser gespeichert werden. Cookies k\u00f6nnen keine Programme ausf\u00fchren und auch keine Viren auf Ihr Ger\u00e4t \u00fcbertragen. Die Stelle, die den Cookie setzt, kann dar\u00fcber jedoch bestimmte Informationen erhalten. Cookies dienen dazu, das Internetangebot benutzerfreundlicher zu machen. Mithilfe von Cookies kann beispielsweise das Ger\u00e4t, mit dem diese Website aufgerufen wurde, bei einem erneuten Aufruf erkannt werden.<\/p><p>Durch die Browsereinstellungen l\u00e4sst sich das Setzen von Cookies einschr\u00e4nken oder verhindern. So kann z. B. nur die Annahme von Cookies, die von Drittanbietern stammen, blockiert werden oder aber auch die Annahme von allen Cookies. Durch das Blockieren sind jedoch m\u00f6glicherweise nicht mehr alle Funktionen dieser Website nutzbar. Im weiteren Text dieser Datenschutzerkl\u00e4rung informieren wir Sie konkret, an welchen Stellen und zu welchen Zwecken Cookies auf den Seiten zum Einsatz kommen.<\/p><p><strong>Datenschutzerkl\u00e4rung f\u00fcr Google Analytics<\/strong><\/p><p>Diese Website verwendet Google Analytics, einen Webanalysedienst der Google Inc., 1600 Amphitheatre Parkway, Mountain View, CA 94043, USA. Zu diesem Zweck werden von Google Cookies auf dem Ger\u00e4t gesetzt. Diese erm\u00f6glichen eine Analyse der Website-Nutzung. Die dabei erfassten Informationen werden in der Regel an einen Server von Google in den USA \u00fcbermittelt und dort erfasst \u2013 darunter auch die IP-Adresse. Google Analytics ist dabei so eingestellt, dass IP-Adressen nur anonymisiert gespeichert werden. Google k\u00fcrzt aufgrund dieser Einstellung vor der Speicherung die innerhalb von Mitgliedstaaten der Europ\u00e4ischen Union oder in anderen Vertragsstaaten des Abkommens \u00fcber den Europ\u00e4ischen Wirtschaftsraum erfassten IP-Adressen. Google nutzt die gesammelten Informationen, um die Nutzung der Webseiten auszuwerten und entsprechende Berichte zu erstellen. Google Analytics ist so eingestellt, dass die Daten innerhalb von 14 Monaten nach ihrem Entstehen gel\u00f6scht werden.<\/p><p>Die Verarbeitung der Daten erfolgt auf Grundlage von Art. 6 Abs. 1 UAbs. 1 Buchstabe f) DSGVO mit dem berechtigten Interesse an der Verbesserung dieses Websiteangebots.<\/p><p>Das Setzen des Analytics-Cookies l\u00e4sst sich verhindern, indem der Browser so eingestellt wird, dass dieser alle Cookies ablehnt. M\u00f6glicherweise beeintr\u00e4chtigt das jedoch die Nutzungsm\u00f6glichkeiten dieser Website. Die Erfassung von Daten durch Google kann au\u00dferdem die Installation des folgenden Browser-Plug-ins verhindern: <a href=\"https:\/\/tools.google.com\/dlpage\/gaoptout?hl=de\">https:\/\/tools.google.com\/dlpage\/gaoptout?hl=de<\/a>. Die Erfassung von Daten durch Google Analytics verhindert zudem ein Klick auf folgenden Link. Dieser setzt ein entsprechende Opt-Out-Cookie: <a>Erfassung von Daten durch Google Analytics f\u00fcr diese Website deaktivieren<\/a>.<\/p><p>Weitere Informationen zum Datenschutz von Google finden Sie unter: <a href=\"https:\/\/www.google.com\/intl\/de\/analytics\/privacyoverview.html\">https:\/\/www.google.com\/intl\/de\/analytics\/privacyoverview.html<\/a> und <a href=\"https:\/\/www.google.com\/intl\/de\/analytics\/privacyoverview.html\">https:\/\/www.google.com\/intl\/de\/analytics\/privacyoverview.html<\/a>.<\/p><p><code>Quelle: <a href=\"https:\/\/www.anwalt.de\/vorlage\/muster-datenschutzerklaerung.php\" rel=\"nofollow\">Muster-Datenschutzerkl\u00e4rung von anwalt.de<\/a><br \/><\/code><\/p><p><strong>Sichere online-Akte<\/strong><\/p><p>Als moderne Kanzlei biete ich die kostenfreie Nutzung von <a href=\"https:\/\/www.wolterskluwer.com\/de-de\/solutions\/kleos\/explore-kleos-features\/kleos-connect\">KLEOS-Connect<\/a> an. Nachdem Sie einmalig ein Passwort vergeben haben, k\u00f6nnen Sie jederzeit \u00fcber ein gesichertes Portal, das \u00fcber einen deutschen Server betrieben wird, Einblick in die Akte nehmen und hier\u00fcber Daten und Dateien senden und empfangen. Sprechen Sie mich einfach darauf an.<\/p>\t\t\t\t\t\t\t\t<\/div>\n\t\t\t\t<\/div>\n\t\t\t\t\t<\/div>\n\t\t<\/div>\n\t\t\t\t\t<\/div>\n\t\t<\/section>\n\t\t\t\t<section class=\"elementor-section elementor-top-section elementor-element elementor-element-553440fd elementor-section-boxed elementor-section-height-default elementor-section-height-default\" data-id=\"553440fd\" data-element_type=\"section\" data-e-type=\"section\">\n\t\t\t\t\t\t<div class=\"elementor-container elementor-column-gap-default\">\n\t\t\t\t\t<div class=\"elementor-column elementor-col-100 elementor-top-column elementor-element elementor-element-3fc8522b\" data-id=\"3fc8522b\" data-element_type=\"column\" data-e-type=\"column\">\n\t\t\t<div class=\"elementor-widget-wrap elementor-element-populated\">\n\t\t\t\t\t\t<div class=\"elementor-element elementor-element-4a98647f elementor-widget elementor-widget-spacer\" data-id=\"4a98647f\" data-element_type=\"widget\" data-e-type=\"widget\" data-widget_type=\"spacer.default\">\n\t\t\t\t<div class=\"elementor-widget-container\">\n\t\t\t\t\t\t\t<div class=\"elementor-spacer\">\n\t\t\t<div class=\"elementor-spacer-inner\"><\/div>\n\t\t<\/div>\n\t\t\t\t\t\t<\/div>\n\t\t\t\t<\/div>\n\t\t\t\t\t<\/div>\n\t\t<\/div>\n\t\t\t\t\t<\/div>\n\t\t<\/section>\n\t\t\t\t<section class=\"elementor-section elementor-top-section elementor-element elementor-element-795920fd elementor-section-boxed elementor-section-height-default elementor-section-height-default\" data-id=\"795920fd\" data-element_type=\"section\" data-e-type=\"section\">\n\t\t\t\t\t\t<div class=\"elementor-container elementor-column-gap-default\">\n\t\t\t\t\t<div class=\"elementor-column elementor-col-20 elementor-top-column elementor-element elementor-element-2e4e41b5\" data-id=\"2e4e41b5\" data-element_type=\"column\" data-e-type=\"column\">\n\t\t\t<div class=\"elementor-widget-wrap elementor-element-populated\">\n\t\t\t\t\t\t<div class=\"elementor-element elementor-element-3e38deb7 elementor-align-justify elementor-mobile-align-center elementor-widget elementor-widget-button\" data-id=\"3e38deb7\" data-element_type=\"widget\" data-e-type=\"widget\" data-widget_type=\"button.default\">\n\t\t\t\t<div class=\"elementor-widget-container\">\n\t\t\t\t\t\t\t\t\t<div class=\"elementor-button-wrapper\">\n\t\t\t\t\t<a class=\"elementor-button elementor-button-link elementor-size-xs\" href=\"https:\/\/ra-lenkeit.de\/Fachanwalt-Arbeitsrecht\/\">\n\t\t\t\t\t\t<span class=\"elementor-button-content-wrapper\">\n\t\t\t\t\t\t\t\t\t<span class=\"elementor-button-text\">Home<\/span>\n\t\t\t\t\t<\/span>\n\t\t\t\t\t<\/a>\n\t\t\t\t<\/div>\n\t\t\t\t\t\t\t\t<\/div>\n\t\t\t\t<\/div>\n\t\t\t\t\t<\/div>\n\t\t<\/div>\n\t\t\t\t<div class=\"elementor-column elementor-col-20 elementor-top-column elementor-element elementor-element-6efbbd19\" data-id=\"6efbbd19\" data-element_type=\"column\" data-e-type=\"column\">\n\t\t\t<div class=\"elementor-widget-wrap elementor-element-populated\">\n\t\t\t\t\t\t<div class=\"elementor-element elementor-element-3f5cabc6 elementor-align-justify elementor-mobile-align-center elementor-widget elementor-widget-button\" data-id=\"3f5cabc6\" data-element_type=\"widget\" data-e-type=\"widget\" data-widget_type=\"button.default\">\n\t\t\t\t<div class=\"elementor-widget-container\">\n\t\t\t\t\t\t\t\t\t<div class=\"elementor-button-wrapper\">\n\t\t\t\t\t<a class=\"elementor-button elementor-button-link elementor-size-xs\" href=\"https:\/\/ra-lenkeit.de\/leistungen-fuer-arbeitnehmer\/\">\n\t\t\t\t\t\t<span class=\"elementor-button-content-wrapper\">\n\t\t\t\t\t\t\t\t\t<span class=\"elementor-button-text\">Arbeitnehmer<\/span>\n\t\t\t\t\t<\/span>\n\t\t\t\t\t<\/a>\n\t\t\t\t<\/div>\n\t\t\t\t\t\t\t\t<\/div>\n\t\t\t\t<\/div>\n\t\t\t\t\t<\/div>\n\t\t<\/div>\n\t\t\t\t<div class=\"elementor-column elementor-col-20 elementor-top-column elementor-element elementor-element-6fc91976\" data-id=\"6fc91976\" data-element_type=\"column\" data-e-type=\"column\">\n\t\t\t<div class=\"elementor-widget-wrap elementor-element-populated\">\n\t\t\t\t\t\t<div class=\"elementor-element elementor-element-5578675d elementor-align-justify elementor-mobile-align-center elementor-widget elementor-widget-button\" data-id=\"5578675d\" data-element_type=\"widget\" data-e-type=\"widget\" data-widget_type=\"button.default\">\n\t\t\t\t<div class=\"elementor-widget-container\">\n\t\t\t\t\t\t\t\t\t<div class=\"elementor-button-wrapper\">\n\t\t\t\t\t<a class=\"elementor-button elementor-button-link elementor-size-xs\" href=\"https:\/\/ra-lenkeit.de\/leistungen-fuer-arbeitgeber\/\">\n\t\t\t\t\t\t<span class=\"elementor-button-content-wrapper\">\n\t\t\t\t\t\t\t\t\t<span class=\"elementor-button-text\">Arbeitgeber<\/span>\n\t\t\t\t\t<\/span>\n\t\t\t\t\t<\/a>\n\t\t\t\t<\/div>\n\t\t\t\t\t\t\t\t<\/div>\n\t\t\t\t<\/div>\n\t\t\t\t\t<\/div>\n\t\t<\/div>\n\t\t\t\t<div class=\"elementor-column elementor-col-20 elementor-top-column elementor-element elementor-element-50dabb10\" data-id=\"50dabb10\" data-element_type=\"column\" data-e-type=\"column\">\n\t\t\t<div class=\"elementor-widget-wrap elementor-element-populated\">\n\t\t\t\t\t\t<div class=\"elementor-element elementor-element-21dbe99f elementor-align-justify elementor-mobile-align-center elementor-widget elementor-widget-button\" data-id=\"21dbe99f\" data-element_type=\"widget\" data-e-type=\"widget\" data-widget_type=\"button.default\">\n\t\t\t\t<div class=\"elementor-widget-container\">\n\t\t\t\t\t\t\t\t\t<div class=\"elementor-button-wrapper\">\n\t\t\t\t\t<a class=\"elementor-button elementor-button-link elementor-size-xs\" href=\"https:\/\/ra-lenkeit.de\/leistungen-fuer-betriebsraete\/\">\n\t\t\t\t\t\t<span class=\"elementor-button-content-wrapper\">\n\t\t\t\t\t\t\t\t\t<span class=\"elementor-button-text\">Betriebsr\u00e4te<\/span>\n\t\t\t\t\t<\/span>\n\t\t\t\t\t<\/a>\n\t\t\t\t<\/div>\n\t\t\t\t\t\t\t\t<\/div>\n\t\t\t\t<\/div>\n\t\t\t\t\t<\/div>\n\t\t<\/div>\n\t\t\t\t<div class=\"elementor-column elementor-col-20 elementor-top-column elementor-element elementor-element-7517e798\" data-id=\"7517e798\" data-element_type=\"column\" data-e-type=\"column\">\n\t\t\t<div class=\"elementor-widget-wrap elementor-element-populated\">\n\t\t\t\t\t\t<div class=\"elementor-element elementor-element-471eb5ed elementor-align-justify elementor-mobile-align-center elementor-widget elementor-widget-button\" data-id=\"471eb5ed\" data-element_type=\"widget\" data-e-type=\"widget\" data-widget_type=\"button.default\">\n\t\t\t\t<div class=\"elementor-widget-container\">\n\t\t\t\t\t\t\t\t\t<div class=\"elementor-button-wrapper\">\n\t\t\t\t\t<a class=\"elementor-button elementor-button-link elementor-size-xs\" href=\"https:\/\/ra-lenkeit.de\/ueber-mich\/\">\n\t\t\t\t\t\t<span class=\"elementor-button-content-wrapper\">\n\t\t\t\t\t\t\t\t\t<span class=\"elementor-button-text\">\u00dcber mich<\/span>\n\t\t\t\t\t<\/span>\n\t\t\t\t\t<\/a>\n\t\t\t\t<\/div>\n\t\t\t\t\t\t\t\t<\/div>\n\t\t\t\t<\/div>\n\t\t\t\t\t<\/div>\n\t\t<\/div>\n\t\t\t\t\t<\/div>\n\t\t<\/section>\n\t\t\t\t<section class=\"elementor-section elementor-top-section elementor-element elementor-element-19be07f5 elementor-section-boxed elementor-section-height-default elementor-section-height-default\" data-id=\"19be07f5\" data-element_type=\"section\" data-e-type=\"section\">\n\t\t\t\t\t\t<div class=\"elementor-container elementor-column-gap-default\">\n\t\t\t\t\t<div class=\"elementor-column elementor-col-100 elementor-top-column elementor-element elementor-element-64e5f10c\" data-id=\"64e5f10c\" data-element_type=\"column\" data-e-type=\"column\">\n\t\t\t<div class=\"elementor-widget-wrap elementor-element-populated\">\n\t\t\t\t\t\t<div class=\"elementor-element elementor-element-31dac288 elementor-widget elementor-widget-spacer\" data-id=\"31dac288\" data-element_type=\"widget\" data-e-type=\"widget\" data-widget_type=\"spacer.default\">\n\t\t\t\t<div class=\"elementor-widget-container\">\n\t\t\t\t\t\t\t<div class=\"elementor-spacer\">\n\t\t\t<div class=\"elementor-spacer-inner\"><\/div>\n\t\t<\/div>\n\t\t\t\t\t\t<\/div>\n\t\t\t\t<\/div>\n\t\t\t\t\t<\/div>\n\t\t<\/div>\n\t\t\t\t\t<\/div>\n\t\t<\/section>\n\t\t<div class=\"elementor-element elementor-element-accef32 hnp_footer e-flex e-con-boxed e-con e-parent\" data-id=\"accef32\" data-element_type=\"container\" data-e-type=\"container\" data-settings=\"{&quot;background_background&quot;:&quot;classic&quot;}\">\n\t\t\t\t\t<div class=\"e-con-inner\">\n\t\t\t\t<div class=\"elementor-element elementor-element-0c02472 elementor-widget elementor-widget-text-editor\" data-id=\"0c02472\" data-element_type=\"widget\" data-e-type=\"widget\" data-widget_type=\"text-editor.default\">\n\t\t\t\t<div class=\"elementor-widget-container\">\n\t\t\t\t\t\t\t\t\t<h3 style=\"text-align: center;\">Rechtsanwalt f\u00fcr Arbeitsrecht in Wiesbaden, Mainz &amp; Umgebung<\/h3>\n<p style=\"text-align: center;\">Als Rechtsanwalt und Fachanwalt f\u00fcr Arbeitsrecht vertrete ich verst\u00e4rkt Mandanten aus Mainz, Wiesbaden und Umgebung, immer mehr aber auch bundesweit. Ich berate und vertrete Arbeitgeber und Arbeitnehmer in allen arbeitsrechtlichen Fragestellungen wie z.B. bei K\u00fcndigung und Abfindungsverhandlungen, bei der Gestaltung von Aufhebungsvertr\u00e4gen, Mobbing, Abmahnungen, der Pr\u00fcfung und Gestaltung des Arbeitsvertrags, Gr\u00fcndung eines Betriebsrates und weiteren Themen.<\/p>\t\t\t\t\t\t\t\t<\/div>\n\t\t\t\t<\/div>\n\t\t\t\t<div class=\"elementor-element elementor-element-ecdfcef elementor-align-center elementor-widget elementor-widget-button\" data-id=\"ecdfcef\" data-element_type=\"widget\" data-e-type=\"widget\" data-widget_type=\"button.default\">\n\t\t\t\t<div class=\"elementor-widget-container\">\n\t\t\t\t\t\t\t\t\t<div class=\"elementor-button-wrapper\">\n\t\t\t\t\t<a class=\"elementor-button elementor-button-link elementor-size-sm\" href=\"https:\/\/ra-lenkeit.de\/kontakt\/\">\n\t\t\t\t\t\t<span class=\"elementor-button-content-wrapper\">\n\t\t\t\t\t\t\t\t\t<span class=\"elementor-button-text\">KONTAKT<\/span>\n\t\t\t\t\t<\/span>\n\t\t\t\t\t<\/a>\n\t\t\t\t<\/div>\n\t\t\t\t\t\t\t\t<\/div>\n\t\t\t\t<\/div>\n\t\t\t\t<div class=\"elementor-element elementor-element-31314d0 elementor-widget-divider--view-line elementor-widget elementor-widget-divider\" data-id=\"31314d0\" data-element_type=\"widget\" data-e-type=\"widget\" data-widget_type=\"divider.default\">\n\t\t\t\t<div class=\"elementor-widget-container\">\n\t\t\t\t\t\t\t<div class=\"elementor-divider\">\n\t\t\t<span class=\"elementor-divider-separator\">\n\t\t\t\t\t\t<\/span>\n\t\t<\/div>\n\t\t\t\t\t\t<\/div>\n\t\t\t\t<\/div>\n\t\t\t\t\t<\/div>\n\t\t\t\t<\/div>\n\t\t\t\t<section class=\"elementor-section elementor-top-section elementor-element elementor-element-b9e492e elementor-section-height-min-height elementor-section-boxed elementor-section-height-default elementor-section-items-middle\" data-id=\"b9e492e\" data-element_type=\"section\" data-e-type=\"section\" data-settings=\"{&quot;background_background&quot;:&quot;classic&quot;}\">\n\t\t\t\t\t\t<div class=\"elementor-container elementor-column-gap-default\">\n\t\t\t\t\t<div class=\"elementor-column elementor-col-33 elementor-top-column elementor-element elementor-element-38e3803\" data-id=\"38e3803\" data-element_type=\"column\" data-e-type=\"column\">\n\t\t\t<div class=\"elementor-widget-wrap elementor-element-populated\">\n\t\t\t\t\t\t<div class=\"elementor-element elementor-element-f789c61 elementor-widget elementor-widget-text-editor\" data-id=\"f789c61\" data-element_type=\"widget\" data-e-type=\"widget\" data-widget_type=\"text-editor.default\">\n\t\t\t\t<div class=\"elementor-widget-container\">\n\t\t\t\t\t\t\t\t\t<p><span style=\"color: #d6d4d4;\"><b>Kanzlei Lenkeit<\/b><br>Emmerich-Josef-Stra\u00dfe 18<br>55116 Mainz<br><\/span><\/p>\t\t\t\t\t\t\t\t<\/div>\n\t\t\t\t<\/div>\n\t\t\t\t\t<\/div>\n\t\t<\/div>\n\t\t\t\t<div class=\"elementor-column elementor-col-33 elementor-top-column elementor-element elementor-element-a3512a1\" data-id=\"a3512a1\" data-element_type=\"column\" data-e-type=\"column\">\n\t\t\t<div class=\"elementor-widget-wrap elementor-element-populated\">\n\t\t\t\t\t\t<div class=\"elementor-element elementor-element-5f1a349 elementor-widget elementor-widget-text-editor\" data-id=\"5f1a349\" data-element_type=\"widget\" data-e-type=\"widget\" data-widget_type=\"text-editor.default\">\n\t\t\t\t<div class=\"elementor-widget-container\">\n\t\t\t\t\t\t\t\t\t<p><span style=\"color: #d6d4d4;\">T. 06131 972 04 42<\/span><br><span style=\"color: #d6d4d4;\">F. 06131 972 04 43<\/span><br><span style=\"color: #d6d4d4;\">M. info@ra-lenkeit.de<\/span><\/p>\t\t\t\t\t\t\t\t<\/div>\n\t\t\t\t<\/div>\n\t\t\t\t\t<\/div>\n\t\t<\/div>\n\t\t\t\t<div class=\"elementor-column elementor-col-33 elementor-top-column elementor-element elementor-element-b4487b5\" data-id=\"b4487b5\" data-element_type=\"column\" data-e-type=\"column\">\n\t\t\t<div class=\"elementor-widget-wrap elementor-element-populated\">\n\t\t\t\t\t\t<div class=\"elementor-element elementor-element-a1a9933 elementor-widget elementor-widget-text-editor\" data-id=\"a1a9933\" data-element_type=\"widget\" data-e-type=\"widget\" data-widget_type=\"text-editor.default\">\n\t\t\t\t<div class=\"elementor-widget-container\">\n\t\t\t\t\t\t\t\t\t<p><a href=\"https:\/\/ra-lenkeit.de\/kontakt\/\"><span style=\"color: #d6d4d4;\">Kontakt<\/span><\/a><\/p><p><a href=\"https:\/\/ra-lenkeit.de\/impressum\/\"><span style=\"color: #d6d4d4;\">Impressum<\/span><\/a><\/p><p><a href=\"https:\/\/ra-lenkeit.de\/datenschutz\/\"><span style=\"color: #d6d4d4;\">Datenschutz<\/span><\/a><\/p>\t\t\t\t\t\t\t\t<\/div>\n\t\t\t\t<\/div>\n\t\t\t\t\t<\/div>\n\t\t<\/div>\n\t\t\t\t\t<\/div>\n\t\t<\/section>\n\t\t\t\t<\/div>\n\t\t","protected":false},"excerpt":{"rendered":"<p>Datenschutz der dem besonderenVertrauensverh\u00e4ltnis Rechnung tr\u00e4gt Datenschutzerkl\u00e4rung In dieser Datenschutzerkl\u00e4rung informieren wir Sie \u00fcber die Verarbeitung personenbezogener Daten bei der Nutzung dieser Website. Verantwortlicher Verantwortlich f\u00fcr die Datenverarbeitung istDaniel Lenkeit, Emmerich-Josef-Str. 18, 55116 Mainz, Tel 06131 \/ 972 04 42, Email: info@ra-lenkeit.de Personenbezogene Daten Personenbezogene Daten sind alle Informationen, die sich auf eine identifizierte oder &hellip; <\/p>\n<p class=\"link-more\"><a href=\"https:\/\/ra-lenkeit.de\/Fachanwalt-Arbeitsrecht\/datenschutz\/\" class=\"more-link\"><span class=\"screen-reader-text\">\u201eDatenschutz\u201c<\/span> weiterlesen<\/a><\/p>\n","protected":false},"author":1,"featured_media":0,"parent":0,"menu_order":0,"comment_status":"closed","ping_status":"closed","template":"elementor_canvas","meta":{"om_disable_all_campaigns":false,"footnotes":""},"class_list":["post-372","page","type-page","status-publish","hentry"],"yoast_head":"<!-- This site is optimized with the Yoast SEO plugin v27.5 - https:\/\/yoast.com\/product\/yoast-seo-wordpress\/ -->\n<title>Datenschutz &#8212; Kanzlei Lenkeit &#8212; auch mit sicherer online-Akte<\/title>\n<meta name=\"description\" content=\"Datenschutz - Ich nehme den Datenschutz meiner Mandanten ernst und biete kostenfrei eine end-zu-end-verschl\u00fcsselte Kommunikation an.\" \/>\n<meta name=\"robots\" content=\"noindex, nofollow\" \/>\n<meta property=\"og:locale\" content=\"de_DE\" \/>\n<meta property=\"og:type\" content=\"article\" \/>\n<meta property=\"og:title\" content=\"Datenschutz &#8212; Kanzlei Lenkeit &#8212; auch mit sicherer online-Akte\" \/>\n<meta property=\"og:description\" content=\"Datenschutz - Ich nehme den Datenschutz meiner Mandanten ernst und biete kostenfrei eine end-zu-end-verschl\u00fcsselte Kommunikation an.\" \/>\n<meta property=\"og:url\" content=\"https:\/\/ra-lenkeit.de\/Fachanwalt-Arbeitsrecht\/datenschutz\/\" \/>\n<meta property=\"og:site_name\" content=\"Kanzlei Lenkeit\" \/>\n<meta property=\"article:modified_time\" content=\"2023-05-13T17:34:35+00:00\" \/>\n<meta name=\"twitter:card\" content=\"summary_large_image\" \/>\n<meta name=\"twitter:label1\" content=\"Gesch\u00e4tzte Lesezeit\" \/>\n\t<meta name=\"twitter:data1\" content=\"6\u00a0Minuten\" \/>\n<script type=\"application\/ld+json\" class=\"yoast-schema-graph\">{\"@context\":\"https:\\\/\\\/schema.org\",\"@graph\":[{\"@type\":\"WebPage\",\"@id\":\"https:\\\/\\\/ra-lenkeit.de\\\/Fachanwalt-Arbeitsrecht\\\/datenschutz\\\/\",\"url\":\"https:\\\/\\\/ra-lenkeit.de\\\/Fachanwalt-Arbeitsrecht\\\/datenschutz\\\/\",\"name\":\"Datenschutz &#8212; Kanzlei Lenkeit &#8212; auch mit sicherer online-Akte\",\"isPartOf\":{\"@id\":\"https:\\\/\\\/ra-lenkeit.de\\\/Fachanwalt-Arbeitsrecht\\\/#website\"},\"datePublished\":\"2020-06-07T09:58:27+00:00\",\"dateModified\":\"2023-05-13T17:34:35+00:00\",\"description\":\"Datenschutz - Ich nehme den Datenschutz meiner Mandanten ernst und biete kostenfrei eine end-zu-end-verschl\u00fcsselte Kommunikation an.\",\"breadcrumb\":{\"@id\":\"https:\\\/\\\/ra-lenkeit.de\\\/Fachanwalt-Arbeitsrecht\\\/datenschutz\\\/#breadcrumb\"},\"inLanguage\":\"de\",\"potentialAction\":[{\"@type\":\"ReadAction\",\"target\":[\"https:\\\/\\\/ra-lenkeit.de\\\/Fachanwalt-Arbeitsrecht\\\/datenschutz\\\/\"]}]},{\"@type\":\"BreadcrumbList\",\"@id\":\"https:\\\/\\\/ra-lenkeit.de\\\/Fachanwalt-Arbeitsrecht\\\/datenschutz\\\/#breadcrumb\",\"itemListElement\":[{\"@type\":\"ListItem\",\"position\":1,\"name\":\"Startseite\",\"item\":\"https:\\\/\\\/ra-lenkeit.de\\\/Fachanwalt-Arbeitsrecht\\\/\"},{\"@type\":\"ListItem\",\"position\":2,\"name\":\"Datenschutz\"}]},{\"@type\":\"WebSite\",\"@id\":\"https:\\\/\\\/ra-lenkeit.de\\\/Fachanwalt-Arbeitsrecht\\\/#website\",\"url\":\"https:\\\/\\\/ra-lenkeit.de\\\/Fachanwalt-Arbeitsrecht\\\/\",\"name\":\"Kanzlei Lenkeit\",\"description\":\"Ihr Fachanwalt f\u00fcr Arbeitsrecht in Mainz und Alzey\",\"publisher\":{\"@id\":\"https:\\\/\\\/ra-lenkeit.de\\\/Fachanwalt-Arbeitsrecht\\\/#\\\/schema\\\/person\\\/8a38a17414f7aca579571ffdf2ecce82\"},\"potentialAction\":[{\"@type\":\"SearchAction\",\"target\":{\"@type\":\"EntryPoint\",\"urlTemplate\":\"https:\\\/\\\/ra-lenkeit.de\\\/Fachanwalt-Arbeitsrecht\\\/?s={search_term_string}\"},\"query-input\":{\"@type\":\"PropertyValueSpecification\",\"valueRequired\":true,\"valueName\":\"search_term_string\"}}],\"inLanguage\":\"de\"},{\"@type\":[\"Person\",\"Organization\"],\"@id\":\"https:\\\/\\\/ra-lenkeit.de\\\/Fachanwalt-Arbeitsrecht\\\/#\\\/schema\\\/person\\\/8a38a17414f7aca579571ffdf2ecce82\",\"name\":\"61178805\",\"image\":{\"@type\":\"ImageObject\",\"inLanguage\":\"de\",\"@id\":\"https:\\\/\\\/ra-lenkeit.de\\\/wp-content\\\/uploads\\\/2020\\\/06\\\/Logo_Kanzlei-Lenkeit_transparent.png\",\"url\":\"https:\\\/\\\/ra-lenkeit.de\\\/wp-content\\\/uploads\\\/2020\\\/06\\\/Logo_Kanzlei-Lenkeit_transparent.png\",\"contentUrl\":\"https:\\\/\\\/ra-lenkeit.de\\\/wp-content\\\/uploads\\\/2020\\\/06\\\/Logo_Kanzlei-Lenkeit_transparent.png\",\"width\":2409,\"height\":2409,\"caption\":\"61178805\"},\"logo\":{\"@id\":\"https:\\\/\\\/ra-lenkeit.de\\\/wp-content\\\/uploads\\\/2020\\\/06\\\/Logo_Kanzlei-Lenkeit_transparent.png\"},\"sameAs\":[\"http:\\\/\\\/www.ra-lenkeit.de\"]}]}<\/script>\n<!-- \/ Yoast SEO plugin. -->","yoast_head_json":{"title":"Datenschutz &#8212; Kanzlei Lenkeit &#8212; auch mit sicherer online-Akte","description":"Datenschutz - Ich nehme den Datenschutz meiner Mandanten ernst und biete kostenfrei eine end-zu-end-verschl\u00fcsselte Kommunikation an.","robots":{"index":"noindex","follow":"nofollow"},"og_locale":"de_DE","og_type":"article","og_title":"Datenschutz &#8212; Kanzlei Lenkeit &#8212; auch mit sicherer online-Akte","og_description":"Datenschutz - Ich nehme den Datenschutz meiner Mandanten ernst und biete kostenfrei eine end-zu-end-verschl\u00fcsselte Kommunikation an.","og_url":"https:\/\/ra-lenkeit.de\/Fachanwalt-Arbeitsrecht\/datenschutz\/","og_site_name":"Kanzlei Lenkeit","article_modified_time":"2023-05-13T17:34:35+00:00","twitter_card":"summary_large_image","twitter_misc":{"Gesch\u00e4tzte Lesezeit":"6\u00a0Minuten"},"schema":{"@context":"https:\/\/schema.org","@graph":[{"@type":"WebPage","@id":"https:\/\/ra-lenkeit.de\/Fachanwalt-Arbeitsrecht\/datenschutz\/","url":"https:\/\/ra-lenkeit.de\/Fachanwalt-Arbeitsrecht\/datenschutz\/","name":"Datenschutz &#8212; Kanzlei Lenkeit &#8212; auch mit sicherer online-Akte","isPartOf":{"@id":"https:\/\/ra-lenkeit.de\/Fachanwalt-Arbeitsrecht\/#website"},"datePublished":"2020-06-07T09:58:27+00:00","dateModified":"2023-05-13T17:34:35+00:00","description":"Datenschutz - Ich nehme den Datenschutz meiner Mandanten ernst und biete kostenfrei eine end-zu-end-verschl\u00fcsselte Kommunikation an.","breadcrumb":{"@id":"https:\/\/ra-lenkeit.de\/Fachanwalt-Arbeitsrecht\/datenschutz\/#breadcrumb"},"inLanguage":"de","potentialAction":[{"@type":"ReadAction","target":["https:\/\/ra-lenkeit.de\/Fachanwalt-Arbeitsrecht\/datenschutz\/"]}]},{"@type":"BreadcrumbList","@id":"https:\/\/ra-lenkeit.de\/Fachanwalt-Arbeitsrecht\/datenschutz\/#breadcrumb","itemListElement":[{"@type":"ListItem","position":1,"name":"Startseite","item":"https:\/\/ra-lenkeit.de\/Fachanwalt-Arbeitsrecht\/"},{"@type":"ListItem","position":2,"name":"Datenschutz"}]},{"@type":"WebSite","@id":"https:\/\/ra-lenkeit.de\/Fachanwalt-Arbeitsrecht\/#website","url":"https:\/\/ra-lenkeit.de\/Fachanwalt-Arbeitsrecht\/","name":"Kanzlei Lenkeit","description":"Ihr Fachanwalt f\u00fcr Arbeitsrecht in Mainz und Alzey","publisher":{"@id":"https:\/\/ra-lenkeit.de\/Fachanwalt-Arbeitsrecht\/#\/schema\/person\/8a38a17414f7aca579571ffdf2ecce82"},"potentialAction":[{"@type":"SearchAction","target":{"@type":"EntryPoint","urlTemplate":"https:\/\/ra-lenkeit.de\/Fachanwalt-Arbeitsrecht\/?s={search_term_string}"},"query-input":{"@type":"PropertyValueSpecification","valueRequired":true,"valueName":"search_term_string"}}],"inLanguage":"de"},{"@type":["Person","Organization"],"@id":"https:\/\/ra-lenkeit.de\/Fachanwalt-Arbeitsrecht\/#\/schema\/person\/8a38a17414f7aca579571ffdf2ecce82","name":"61178805","image":{"@type":"ImageObject","inLanguage":"de","@id":"https:\/\/ra-lenkeit.de\/wp-content\/uploads\/2020\/06\/Logo_Kanzlei-Lenkeit_transparent.png","url":"https:\/\/ra-lenkeit.de\/wp-content\/uploads\/2020\/06\/Logo_Kanzlei-Lenkeit_transparent.png","contentUrl":"https:\/\/ra-lenkeit.de\/wp-content\/uploads\/2020\/06\/Logo_Kanzlei-Lenkeit_transparent.png","width":2409,"height":2409,"caption":"61178805"},"logo":{"@id":"https:\/\/ra-lenkeit.de\/wp-content\/uploads\/2020\/06\/Logo_Kanzlei-Lenkeit_transparent.png"},"sameAs":["http:\/\/www.ra-lenkeit.de"]}]}},"_links":{"self":[{"href":"https:\/\/ra-lenkeit.de\/Fachanwalt-Arbeitsrecht\/wp-json\/wp\/v2\/pages\/372","targetHints":{"allow":["GET"]}}],"collection":[{"href":"https:\/\/ra-lenkeit.de\/Fachanwalt-Arbeitsrecht\/wp-json\/wp\/v2\/pages"}],"about":[{"href":"https:\/\/ra-lenkeit.de\/Fachanwalt-Arbeitsrecht\/wp-json\/wp\/v2\/types\/page"}],"author":[{"embeddable":true,"href":"https:\/\/ra-lenkeit.de\/Fachanwalt-Arbeitsrecht\/wp-json\/wp\/v2\/users\/1"}],"replies":[{"embeddable":true,"href":"https:\/\/ra-lenkeit.de\/Fachanwalt-Arbeitsrecht\/wp-json\/wp\/v2\/comments?post=372"}],"version-history":[{"count":45,"href":"https:\/\/ra-lenkeit.de\/Fachanwalt-Arbeitsrecht\/wp-json\/wp\/v2\/pages\/372\/revisions"}],"predecessor-version":[{"id":1452,"href":"https:\/\/ra-lenkeit.de\/Fachanwalt-Arbeitsrecht\/wp-json\/wp\/v2\/pages\/372\/revisions\/1452"}],"wp:attachment":[{"href":"https:\/\/ra-lenkeit.de\/Fachanwalt-Arbeitsrecht\/wp-json\/wp\/v2\/media?parent=372"}],"curies":[{"name":"wp","href":"https:\/\/api.w.org\/{rel}","templated":true}]}}