{"id":368,"date":"2020-06-07T09:51:13","date_gmt":"2020-06-07T09:51:13","guid":{"rendered":"http:\/\/ra-lenkeit.de\/?page_id=368"},"modified":"2025-07-04T12:25:25","modified_gmt":"2025-07-04T12:25:25","slug":"impressum","status":"publish","type":"page","link":"https:\/\/ra-lenkeit.de\/Fachanwalt-Arbeitsrecht\/impressum\/","title":{"rendered":"Impressum"},"content":{"rendered":"\t\t<div data-elementor-type=\"wp-page\" data-elementor-id=\"368\" class=\"elementor elementor-368\">\n\t\t\t\t\t\t<section class=\"elementor-section elementor-top-section elementor-element elementor-element-dfda6cf elementor-section-full_width elementor-section-height-default elementor-section-height-default\" data-id=\"dfda6cf\" data-element_type=\"section\" data-e-type=\"section\">\n\t\t\t\t\t\t<div class=\"elementor-container elementor-column-gap-no\">\n\t\t\t\t\t<div class=\"elementor-column elementor-col-100 elementor-top-column elementor-element elementor-element-5155522\" data-id=\"5155522\" data-element_type=\"column\" data-e-type=\"column\">\n\t\t\t<div class=\"elementor-widget-wrap\">\n\t\t\t\t\t\t\t<\/div>\n\t\t<\/div>\n\t\t\t\t\t<\/div>\n\t\t<\/section>\n\t\t\t\t<section class=\"elementor-section elementor-top-section elementor-element elementor-element-203cb612 elementor-section-items-top elementor-section-height-min-height elementor-section-boxed elementor-section-height-default\" data-id=\"203cb612\" data-element_type=\"section\" data-e-type=\"section\" data-settings=\"{&quot;background_background&quot;:&quot;classic&quot;,&quot;shape_divider_bottom&quot;:&quot;opacity-tilt&quot;}\">\n\t\t\t\t\t<div class=\"elementor-shape elementor-shape-bottom\" aria-hidden=\"true\" data-negative=\"false\">\n\t\t\t<svg xmlns=\"http:\/\/www.w3.org\/2000\/svg\" viewBox=\"0 0 2600 131.1\" preserveAspectRatio=\"none\">\n\t<path class=\"elementor-shape-fill\" d=\"M0 0L2600 0 2600 69.1 0 0z\"\/>\n\t<path class=\"elementor-shape-fill\" style=\"opacity:0.5\" d=\"M0 0L2600 0 2600 69.1 0 69.1z\"\/>\n\t<path class=\"elementor-shape-fill\" style=\"opacity:0.25\" d=\"M2600 0L0 0 0 130.1 2600 69.1z\"\/>\n<\/svg>\t\t<\/div>\n\t\t\t\t\t<div class=\"elementor-container elementor-column-gap-default\">\n\t\t\t\t\t<div class=\"elementor-column elementor-col-100 elementor-top-column elementor-element elementor-element-80d933a\" data-id=\"80d933a\" data-element_type=\"column\" data-e-type=\"column\">\n\t\t\t<div class=\"elementor-widget-wrap elementor-element-populated\">\n\t\t\t\t\t\t<div class=\"elementor-element elementor-element-263cf39b elementor-fixed elementor-widget elementor-widget-heading\" data-id=\"263cf39b\" data-element_type=\"widget\" data-e-type=\"widget\" data-settings=\"{&quot;_position&quot;:&quot;fixed&quot;}\" data-widget_type=\"heading.default\">\n\t\t\t\t<div class=\"elementor-widget-container\">\n\t\t\t\t\t<h1 class=\"elementor-heading-title elementor-size-large\">Impressum<\/h1>\t\t\t\t<\/div>\n\t\t\t\t<\/div>\n\t\t\t\t<div class=\"elementor-element elementor-element-21b08474 elementor-fixed elementor-widget-divider--view-line elementor-widget elementor-widget-divider\" data-id=\"21b08474\" data-element_type=\"widget\" data-e-type=\"widget\" data-settings=\"{&quot;_position&quot;:&quot;fixed&quot;}\" data-widget_type=\"divider.default\">\n\t\t\t\t<div class=\"elementor-widget-container\">\n\t\t\t\t\t\t\t<div class=\"elementor-divider\">\n\t\t\t<span class=\"elementor-divider-separator\">\n\t\t\t\t\t\t<\/span>\n\t\t<\/div>\n\t\t\t\t\t\t<\/div>\n\t\t\t\t<\/div>\n\t\t\t\t<div class=\"elementor-element elementor-element-9e07a93 elementor-fixed elementor-widget elementor-widget-heading\" data-id=\"9e07a93\" data-element_type=\"widget\" data-e-type=\"widget\" data-settings=\"{&quot;_position&quot;:&quot;fixed&quot;}\" data-widget_type=\"heading.default\">\n\t\t\t\t<div class=\"elementor-widget-container\">\n\t\t\t\t\t<h2 class=\"elementor-heading-title elementor-size-large\">was Sie sonst noch wissen sollten<\/h2>\t\t\t\t<\/div>\n\t\t\t\t<\/div>\n\t\t\t\t<div class=\"elementor-element elementor-element-4cffde0d elementor-widget elementor-widget-spacer\" data-id=\"4cffde0d\" data-element_type=\"widget\" data-e-type=\"widget\" data-widget_type=\"spacer.default\">\n\t\t\t\t<div class=\"elementor-widget-container\">\n\t\t\t\t\t\t\t<div class=\"elementor-spacer\">\n\t\t\t<div class=\"elementor-spacer-inner\"><\/div>\n\t\t<\/div>\n\t\t\t\t\t\t<\/div>\n\t\t\t\t<\/div>\n\t\t\t\t\t<\/div>\n\t\t<\/div>\n\t\t\t\t\t<\/div>\n\t\t<\/section>\n\t\t\t\t<section class=\"elementor-section elementor-top-section elementor-element elementor-element-42919743 elementor-section-height-min-height elementor-section-full_width elementor-section-height-default elementor-section-items-middle\" data-id=\"42919743\" data-element_type=\"section\" data-e-type=\"section\" data-settings=\"{&quot;background_background&quot;:&quot;classic&quot;}\">\n\t\t\t\t\t\t<div class=\"elementor-container elementor-column-gap-default\">\n\t\t\t\t\t<div class=\"elementor-column elementor-col-100 elementor-top-column elementor-element elementor-element-6dd3ccab\" data-id=\"6dd3ccab\" data-element_type=\"column\" data-e-type=\"column\">\n\t\t\t<div class=\"elementor-widget-wrap elementor-element-populated\">\n\t\t\t\t\t\t<div class=\"elementor-element elementor-element-d3d9a0a elementor-widget elementor-widget-text-editor\" data-id=\"d3d9a0a\" data-element_type=\"widget\" data-e-type=\"widget\" data-widget_type=\"text-editor.default\">\n\t\t\t\t<div class=\"elementor-widget-container\">\n\t\t\t\t\t\t\t\t\t<p>Angaben nach \u00a7 5 TMG:<\/p><p>Kanzlei Lenkeit<\/p><p>Rechtsanwalt Daniel Lenkeit<br \/>Emmerich-Josef-Str. 18<br \/>55116 Mainz<br \/>Tel.: 06131 \/ 972 04 42<br \/>Fax: 06131 \/ 972 04 43<br \/>E-Mail: info(at)ra-lenkeit.de<\/p><p>Ust.-Ident-Nr: DE 242 161 976<\/p><p>Inhaltlich Verantwortlicher nach \u00a7 55 RStV: Daniel Lenkeit<\/p><p>Der <strong>Rechtsanwalt ist Mitglied folgender Rechtsanwaltskammer:<\/strong><br \/>Rechtsanwaltskammer Koblenz, Rheinstra\u00dfe 24, 56068 Koblenz<\/p><p><strong>Berufsrechtliche Regelungen:<\/strong><br \/>Bundesrechtsanwaltsordnung (BRAO)<br \/>Berufsordnung (BORA)<br \/>Fachanwaltsordnung (FAO)<br \/>Rechtsanwaltsverg\u00fctungsgesetz (RVG)<br \/>Berufsregeln der Rechtsanw\u00e4lte der Europ\u00e4ischen Gemeinschaft (CCBE-Berufsregeln)<\/p><p>Die genannten Vorschriften sind im Internet unter der Website der Berufsordnung (www.berufsordnung.de) ver\u00f6ffentlicht.<\/p><p><strong>Berufshaftpflichtversicherung<\/strong><br \/>Die Berufshaftpflichtversicherung besteht bei der Allianz Versicherungs-AG in 10900 Berlin. Der r\u00e4umliche Geltungsbereich des Versicherungsschutzes umfasst T\u00e4tigkeiten in den Mitgliedsl\u00e4ndern der Europ\u00e4ischen Union und gen\u00fcgt so mindestens den Anforderungen der \u00a7 51 Bundesrechtsanwaltsordnung (BRAO), \u00a7 67 Steuerberatungsgesetzt (StBerG), \u00a7\u00a7 51 ff. Verordnung zur Durchf\u00fchrung der Vorschriften \u00fcber Steuerberater, Steuerbevollm\u00e4chtigte und Steuerberatungsgesellschaften (DVStB), \u00a7 54 Wirtschaftspr\u00fcferordung (WPO) in Verbindung mit der Verordnung \u00fcber die Berufshaftpflichtversicherung der Wirtschaftspr\u00fcfer und vereidigten Buchpr\u00fcfer (WPBHV).<\/p><p><strong>Haftungshinweis<\/strong><br \/>Trotz sorgf\u00e4ltiger inhaltlicher Kontrolle \u00fcbernehmen wir keine Haftung f\u00fcr die Inhalte externer Links. F\u00fcr den Inhalt der verlinkten Seiten sind ausschlie\u00dflich deren Betreiber verantwortlich.<\/p><p><strong>Inhaltsbezogene Hinweise<\/strong><br \/>Die Zusammenstellung des Inhaltes unseres Internetauftrittes wurde sorgf\u00e4ltig gepr\u00fcft. Dennoch k\u00f6nnen wir keine Gew\u00e4hr f\u00fcr Schreibfehler und Irrt\u00fcmer sowie technische \u00c4nderungen \u00fcbernehmen. Alle Beitr\u00e4ge und Abbildungen sind urheberrechtlich gesch\u00fctzt. Kopien und Vervielf\u00e4ltigungen nur mit ausdr\u00fccklicher Genehmigung der Rechtsanwaltskanzlei Lenkeit.<\/p><p><strong>Hinweispflicht nach dem Verbraucherstreitbeilegungsgesetz (VSBG)<\/strong><br \/>Im Falle eines verm\u00f6gensrechtlichen Streits im Mandatsverh\u00e4ltnis sind wir bereit, an einem Streitbeilegungsverfahren vor einer Verbraucherschlichtungsstelle teilzunehmen. Zust\u00e4ndige Verbraucherschlichtungsstelle ist f\u00fcr verm\u00f6gensrechtliche Streitigkeiten aus dem Mandatsverh\u00e4ltnis die Schlichtungsstelle der Rechtsanwaltschaft, Neue Gr\u00fcnstr. 17, 10179 Berlin, <a href=\"http:\/\/www.s-d-r.org\/\">http:\/\/www.s-d-r.org<\/a> oder <a href=\"http:\/\/www.schlichtungsstelle-der-rechtsanwaltschaft.de\/\">http:\/\/www.schlichtungsstelle-der-rechtsanwaltschaft.de\/<\/a>.<\/p><p><strong>Bildernachweise<\/strong><br \/>Theodor-Heuss-Br\u00fccke: <a href=\"https:\/\/pixabay.com\/de\/service\/license\/\">https:\/\/pixabay.com\/de\/service\/license\/<\/a><br \/>Portraits: <a href=\"https:\/\/www.picturepeople.de\/fotostudios\/wiesbaden\/\">https:\/\/www.picturepeople.de\/fotostudios\/wiesbaden\/<\/a><\/p>\t\t\t\t\t\t\t\t<\/div>\n\t\t\t\t<\/div>\n\t\t\t\t\t<\/div>\n\t\t<\/div>\n\t\t\t\t\t<\/div>\n\t\t<\/section>\n\t\t\t\t<section class=\"elementor-section elementor-top-section elementor-element elementor-element-1ad2a141 elementor-section-boxed elementor-section-height-default elementor-section-height-default\" data-id=\"1ad2a141\" data-element_type=\"section\" data-e-type=\"section\">\n\t\t\t\t\t\t<div class=\"elementor-container elementor-column-gap-default\">\n\t\t\t\t\t<div class=\"elementor-column elementor-col-20 elementor-top-column elementor-element elementor-element-46f394f8\" data-id=\"46f394f8\" data-element_type=\"column\" data-e-type=\"column\">\n\t\t\t<div class=\"elementor-widget-wrap elementor-element-populated\">\n\t\t\t\t\t\t<div class=\"elementor-element elementor-element-181fc53 elementor-align-justify elementor-mobile-align-center elementor-widget elementor-widget-button\" data-id=\"181fc53\" data-element_type=\"widget\" data-e-type=\"widget\" data-widget_type=\"button.default\">\n\t\t\t\t<div class=\"elementor-widget-container\">\n\t\t\t\t\t\t\t\t\t<div class=\"elementor-button-wrapper\">\n\t\t\t\t\t<a class=\"elementor-button elementor-button-link elementor-size-xs\" href=\"https:\/\/ra-lenkeit.de\/Fachanwalt-Arbeitsrecht\/\">\n\t\t\t\t\t\t<span class=\"elementor-button-content-wrapper\">\n\t\t\t\t\t\t\t\t\t<span class=\"elementor-button-text\">Home<\/span>\n\t\t\t\t\t<\/span>\n\t\t\t\t\t<\/a>\n\t\t\t\t<\/div>\n\t\t\t\t\t\t\t\t<\/div>\n\t\t\t\t<\/div>\n\t\t\t\t\t<\/div>\n\t\t<\/div>\n\t\t\t\t<div class=\"elementor-column elementor-col-20 elementor-top-column elementor-element elementor-element-5e01d8f4\" data-id=\"5e01d8f4\" data-element_type=\"column\" data-e-type=\"column\">\n\t\t\t<div class=\"elementor-widget-wrap elementor-element-populated\">\n\t\t\t\t\t\t<div class=\"elementor-element elementor-element-70785087 elementor-align-justify elementor-mobile-align-center elementor-widget elementor-widget-button\" data-id=\"70785087\" data-element_type=\"widget\" data-e-type=\"widget\" data-widget_type=\"button.default\">\n\t\t\t\t<div class=\"elementor-widget-container\">\n\t\t\t\t\t\t\t\t\t<div class=\"elementor-button-wrapper\">\n\t\t\t\t\t<a class=\"elementor-button elementor-button-link elementor-size-xs\" href=\"https:\/\/ra-lenkeit.de\/leistungen-fuer-arbeitnehmer\/\">\n\t\t\t\t\t\t<span class=\"elementor-button-content-wrapper\">\n\t\t\t\t\t\t\t\t\t<span class=\"elementor-button-text\">Arbeitnehmer<\/span>\n\t\t\t\t\t<\/span>\n\t\t\t\t\t<\/a>\n\t\t\t\t<\/div>\n\t\t\t\t\t\t\t\t<\/div>\n\t\t\t\t<\/div>\n\t\t\t\t\t<\/div>\n\t\t<\/div>\n\t\t\t\t<div class=\"elementor-column elementor-col-20 elementor-top-column elementor-element elementor-element-31cebaa5\" data-id=\"31cebaa5\" data-element_type=\"column\" data-e-type=\"column\">\n\t\t\t<div class=\"elementor-widget-wrap elementor-element-populated\">\n\t\t\t\t\t\t<div class=\"elementor-element elementor-element-2fe78616 elementor-align-justify elementor-mobile-align-center elementor-widget elementor-widget-button\" data-id=\"2fe78616\" data-element_type=\"widget\" data-e-type=\"widget\" data-widget_type=\"button.default\">\n\t\t\t\t<div class=\"elementor-widget-container\">\n\t\t\t\t\t\t\t\t\t<div class=\"elementor-button-wrapper\">\n\t\t\t\t\t<a class=\"elementor-button elementor-button-link elementor-size-xs\" href=\"https:\/\/ra-lenkeit.de\/leistungen-fuer-arbeitgeber\/\">\n\t\t\t\t\t\t<span class=\"elementor-button-content-wrapper\">\n\t\t\t\t\t\t\t\t\t<span class=\"elementor-button-text\">Arbeitgeber<\/span>\n\t\t\t\t\t<\/span>\n\t\t\t\t\t<\/a>\n\t\t\t\t<\/div>\n\t\t\t\t\t\t\t\t<\/div>\n\t\t\t\t<\/div>\n\t\t\t\t\t<\/div>\n\t\t<\/div>\n\t\t\t\t<div class=\"elementor-column elementor-col-20 elementor-top-column elementor-element elementor-element-2adb278\" data-id=\"2adb278\" data-element_type=\"column\" data-e-type=\"column\">\n\t\t\t<div class=\"elementor-widget-wrap elementor-element-populated\">\n\t\t\t\t\t\t<div class=\"elementor-element elementor-element-2088a817 elementor-align-justify elementor-mobile-align-center elementor-widget elementor-widget-button\" data-id=\"2088a817\" data-element_type=\"widget\" data-e-type=\"widget\" data-widget_type=\"button.default\">\n\t\t\t\t<div class=\"elementor-widget-container\">\n\t\t\t\t\t\t\t\t\t<div class=\"elementor-button-wrapper\">\n\t\t\t\t\t<a class=\"elementor-button elementor-button-link elementor-size-xs\" href=\"https:\/\/ra-lenkeit.de\/leistungen-fuer-betriebsraete\/\">\n\t\t\t\t\t\t<span class=\"elementor-button-content-wrapper\">\n\t\t\t\t\t\t\t\t\t<span class=\"elementor-button-text\">Betriebsr\u00e4te<\/span>\n\t\t\t\t\t<\/span>\n\t\t\t\t\t<\/a>\n\t\t\t\t<\/div>\n\t\t\t\t\t\t\t\t<\/div>\n\t\t\t\t<\/div>\n\t\t\t\t\t<\/div>\n\t\t<\/div>\n\t\t\t\t<div class=\"elementor-column elementor-col-20 elementor-top-column elementor-element elementor-element-71638769\" data-id=\"71638769\" data-element_type=\"column\" data-e-type=\"column\">\n\t\t\t<div class=\"elementor-widget-wrap elementor-element-populated\">\n\t\t\t\t\t\t<div class=\"elementor-element elementor-element-178a159c elementor-align-justify elementor-mobile-align-center elementor-widget elementor-widget-button\" data-id=\"178a159c\" data-element_type=\"widget\" data-e-type=\"widget\" data-widget_type=\"button.default\">\n\t\t\t\t<div class=\"elementor-widget-container\">\n\t\t\t\t\t\t\t\t\t<div class=\"elementor-button-wrapper\">\n\t\t\t\t\t<a class=\"elementor-button elementor-button-link elementor-size-xs\" href=\"https:\/\/ra-lenkeit.de\/ueber-mich\/\">\n\t\t\t\t\t\t<span class=\"elementor-button-content-wrapper\">\n\t\t\t\t\t\t\t\t\t<span class=\"elementor-button-text\">\u00dcber mich<\/span>\n\t\t\t\t\t<\/span>\n\t\t\t\t\t<\/a>\n\t\t\t\t<\/div>\n\t\t\t\t\t\t\t\t<\/div>\n\t\t\t\t<\/div>\n\t\t\t\t\t<\/div>\n\t\t<\/div>\n\t\t\t\t\t<\/div>\n\t\t<\/section>\n\t\t\t\t<section class=\"elementor-section elementor-top-section elementor-element elementor-element-473ff83f elementor-section-boxed elementor-section-height-default elementor-section-height-default\" data-id=\"473ff83f\" data-element_type=\"section\" data-e-type=\"section\">\n\t\t\t\t\t\t<div class=\"elementor-container elementor-column-gap-default\">\n\t\t\t\t\t<div class=\"elementor-column elementor-col-100 elementor-top-column elementor-element elementor-element-1ba652e\" data-id=\"1ba652e\" data-element_type=\"column\" data-e-type=\"column\">\n\t\t\t<div class=\"elementor-widget-wrap elementor-element-populated\">\n\t\t\t\t\t\t<div class=\"elementor-element elementor-element-f345c05 elementor-widget elementor-widget-spacer\" data-id=\"f345c05\" data-element_type=\"widget\" data-e-type=\"widget\" data-widget_type=\"spacer.default\">\n\t\t\t\t<div class=\"elementor-widget-container\">\n\t\t\t\t\t\t\t<div class=\"elementor-spacer\">\n\t\t\t<div class=\"elementor-spacer-inner\"><\/div>\n\t\t<\/div>\n\t\t\t\t\t\t<\/div>\n\t\t\t\t<\/div>\n\t\t\t\t\t<\/div>\n\t\t<\/div>\n\t\t\t\t\t<\/div>\n\t\t<\/section>\n\t\t<div class=\"elementor-element elementor-element-f47b627 hnp_footer e-flex e-con-boxed e-con e-parent\" data-id=\"f47b627\" data-element_type=\"container\" data-e-type=\"container\" data-settings=\"{&quot;background_background&quot;:&quot;classic&quot;}\">\n\t\t\t\t\t<div class=\"e-con-inner\">\n\t\t\t\t<div class=\"elementor-element elementor-element-503c990 elementor-widget elementor-widget-text-editor\" data-id=\"503c990\" data-element_type=\"widget\" data-e-type=\"widget\" data-widget_type=\"text-editor.default\">\n\t\t\t\t<div class=\"elementor-widget-container\">\n\t\t\t\t\t\t\t\t\t<h3 style=\"text-align: center;\">Rechtsanwalt f\u00fcr Arbeitsrecht in Wiesbaden, Mainz &amp; Umgebung<\/h3>\n<p style=\"text-align: center;\">Als Rechtsanwalt und Fachanwalt f\u00fcr Arbeitsrecht vertrete ich verst\u00e4rkt Mandanten aus Mainz, Wiesbaden und Umgebung, immer mehr aber auch bundesweit. Ich berate und vertrete Arbeitgeber und Arbeitnehmer in allen arbeitsrechtlichen Fragestellungen wie z.B. bei K\u00fcndigung und Abfindungsverhandlungen, bei der Gestaltung von Aufhebungsvertr\u00e4gen, Mobbing, Abmahnungen, der Pr\u00fcfung und Gestaltung des Arbeitsvertrags, Gr\u00fcndung eines Betriebsrates und weiteren Themen.<\/p>\t\t\t\t\t\t\t\t<\/div>\n\t\t\t\t<\/div>\n\t\t\t\t<div class=\"elementor-element elementor-element-a22ff43 elementor-align-center elementor-widget elementor-widget-button\" data-id=\"a22ff43\" data-element_type=\"widget\" data-e-type=\"widget\" data-widget_type=\"button.default\">\n\t\t\t\t<div class=\"elementor-widget-container\">\n\t\t\t\t\t\t\t\t\t<div class=\"elementor-button-wrapper\">\n\t\t\t\t\t<a class=\"elementor-button elementor-button-link elementor-size-sm\" href=\"https:\/\/ra-lenkeit.de\/kontakt\/\">\n\t\t\t\t\t\t<span class=\"elementor-button-content-wrapper\">\n\t\t\t\t\t\t\t\t\t<span class=\"elementor-button-text\">KONTAKT<\/span>\n\t\t\t\t\t<\/span>\n\t\t\t\t\t<\/a>\n\t\t\t\t<\/div>\n\t\t\t\t\t\t\t\t<\/div>\n\t\t\t\t<\/div>\n\t\t\t\t<div class=\"elementor-element elementor-element-d01557b elementor-widget-divider--view-line elementor-widget elementor-widget-divider\" data-id=\"d01557b\" data-element_type=\"widget\" data-e-type=\"widget\" data-widget_type=\"divider.default\">\n\t\t\t\t<div class=\"elementor-widget-container\">\n\t\t\t\t\t\t\t<div class=\"elementor-divider\">\n\t\t\t<span class=\"elementor-divider-separator\">\n\t\t\t\t\t\t<\/span>\n\t\t<\/div>\n\t\t\t\t\t\t<\/div>\n\t\t\t\t<\/div>\n\t\t\t\t\t<\/div>\n\t\t\t\t<\/div>\n\t\t\t\t<section class=\"elementor-section elementor-top-section elementor-element elementor-element-2eacc85e elementor-section-height-min-height elementor-section-boxed elementor-section-height-default elementor-section-items-middle\" data-id=\"2eacc85e\" data-element_type=\"section\" data-e-type=\"section\" data-settings=\"{&quot;background_background&quot;:&quot;classic&quot;}\">\n\t\t\t\t\t\t<div class=\"elementor-container elementor-column-gap-default\">\n\t\t\t\t\t<div class=\"elementor-column elementor-col-33 elementor-top-column elementor-element elementor-element-5f3a9274\" data-id=\"5f3a9274\" data-element_type=\"column\" data-e-type=\"column\">\n\t\t\t<div class=\"elementor-widget-wrap elementor-element-populated\">\n\t\t\t\t\t\t<div class=\"elementor-element elementor-element-1c0fc5af elementor-widget elementor-widget-text-editor\" data-id=\"1c0fc5af\" data-element_type=\"widget\" data-e-type=\"widget\" data-widget_type=\"text-editor.default\">\n\t\t\t\t<div class=\"elementor-widget-container\">\n\t\t\t\t\t\t\t\t\t<p><span style=\"color: #d6d4d4;\"><b>Kanzlei Lenkeit<\/b><br>Emmerich-Josef-Stra\u00dfe 18<br>55116 Mainz<br><\/span><\/p>\t\t\t\t\t\t\t\t<\/div>\n\t\t\t\t<\/div>\n\t\t\t\t\t<\/div>\n\t\t<\/div>\n\t\t\t\t<div class=\"elementor-column elementor-col-33 elementor-top-column elementor-element elementor-element-27d721c0\" data-id=\"27d721c0\" data-element_type=\"column\" data-e-type=\"column\">\n\t\t\t<div class=\"elementor-widget-wrap elementor-element-populated\">\n\t\t\t\t\t\t<div class=\"elementor-element elementor-element-57a48aa0 elementor-widget elementor-widget-text-editor\" data-id=\"57a48aa0\" data-element_type=\"widget\" data-e-type=\"widget\" data-widget_type=\"text-editor.default\">\n\t\t\t\t<div class=\"elementor-widget-container\">\n\t\t\t\t\t\t\t\t\t<p><span style=\"color: #d6d4d4;\">T. 06131 972 04 42<\/span><br \/><span style=\"color: #d6d4d4;\">F. 06131 972 04 43<\/span><br \/><span style=\"color: #d6d4d4;\">M. info@ra-lenkeit.de<\/span><\/p>\t\t\t\t\t\t\t\t<\/div>\n\t\t\t\t<\/div>\n\t\t\t\t\t<\/div>\n\t\t<\/div>\n\t\t\t\t<div class=\"elementor-column elementor-col-33 elementor-top-column elementor-element elementor-element-ce8125c\" data-id=\"ce8125c\" data-element_type=\"column\" data-e-type=\"column\">\n\t\t\t<div class=\"elementor-widget-wrap elementor-element-populated\">\n\t\t\t\t\t\t<div class=\"elementor-element elementor-element-4a426b33 elementor-widget elementor-widget-text-editor\" data-id=\"4a426b33\" data-element_type=\"widget\" data-e-type=\"widget\" data-widget_type=\"text-editor.default\">\n\t\t\t\t<div class=\"elementor-widget-container\">\n\t\t\t\t\t\t\t\t\t<p><a href=\"https:\/\/ra-lenkeit.de\/kontakt\/\"><span style=\"color: #d6d4d4;\">Kontakt<\/span><\/a><\/p><p><a href=\"https:\/\/ra-lenkeit.de\/impressum\/\"><span style=\"color: #d6d4d4;\">Impressum<\/span><\/a><\/p><p><a href=\"https:\/\/ra-lenkeit.de\/datenschutz\/\"><span style=\"color: #d6d4d4;\">Datenschutz<\/span><\/a><\/p>\t\t\t\t\t\t\t\t<\/div>\n\t\t\t\t<\/div>\n\t\t\t\t\t<\/div>\n\t\t<\/div>\n\t\t\t\t\t<\/div>\n\t\t<\/section>\n\t\t\t\t<\/div>\n\t\t","protected":false},"excerpt":{"rendered":"<p>Impressum was Sie sonst noch wissen sollten Angaben nach \u00a7 5 TMG: Kanzlei Lenkeit Rechtsanwalt Daniel LenkeitEmmerich-Josef-Str. 1855116 MainzTel.: 06131 \/ 972 04 42Fax: 06131 \/ 972 04 43E-Mail: info(at)ra-lenkeit.de Ust.-Ident-Nr: DE 242 161 976 Inhaltlich Verantwortlicher nach \u00a7 55 RStV: Daniel Lenkeit Der Rechtsanwalt ist Mitglied folgender Rechtsanwaltskammer:Rechtsanwaltskammer Koblenz, Rheinstra\u00dfe 24, 56068 Koblenz Berufsrechtliche &hellip; <\/p>\n<p class=\"link-more\"><a href=\"https:\/\/ra-lenkeit.de\/Fachanwalt-Arbeitsrecht\/impressum\/\" class=\"more-link\"><span class=\"screen-reader-text\">\u201eImpressum\u201c<\/span> weiterlesen<\/a><\/p>\n","protected":false},"author":1,"featured_media":0,"parent":0,"menu_order":0,"comment_status":"closed","ping_status":"closed","template":"elementor_canvas","meta":{"om_disable_all_campaigns":false,"footnotes":""},"class_list":["post-368","page","type-page","status-publish","hentry"],"yoast_head":"<!-- This site is optimized with the Yoast SEO plugin v27.5 - https:\/\/yoast.com\/product\/yoast-seo-wordpress\/ -->\n<title>Impressum &#8212; Kanzlei Lenkeit<\/title>\n<meta name=\"description\" content=\"Mein Impressum - Hier finden Sie das, was Sie sonst noch \u00fcber mich wissen m\u00fcssen\" \/>\n<meta name=\"robots\" content=\"index, follow, max-snippet:-1, max-image-preview:large, max-video-preview:-1\" \/>\n<link rel=\"canonical\" href=\"https:\/\/ra-lenkeit.de\/Fachanwalt-Arbeitsrecht\/impressum\/\" \/>\n<meta property=\"og:locale\" content=\"de_DE\" \/>\n<meta property=\"og:type\" content=\"article\" \/>\n<meta property=\"og:title\" content=\"Impressum &#8212; Kanzlei Lenkeit\" \/>\n<meta property=\"og:description\" content=\"Mein Impressum - Hier finden Sie das, was Sie sonst noch \u00fcber mich wissen m\u00fcssen\" \/>\n<meta property=\"og:url\" content=\"https:\/\/ra-lenkeit.de\/Fachanwalt-Arbeitsrecht\/impressum\/\" \/>\n<meta property=\"og:site_name\" content=\"Kanzlei Lenkeit\" \/>\n<meta property=\"article:modified_time\" content=\"2025-07-04T12:25:25+00:00\" \/>\n<meta name=\"twitter:card\" content=\"summary_large_image\" \/>\n<meta name=\"twitter:label1\" content=\"Gesch\u00e4tzte Lesezeit\" \/>\n\t<meta name=\"twitter:data1\" content=\"3\u00a0Minuten\" \/>\n<script type=\"application\/ld+json\" class=\"yoast-schema-graph\">{\"@context\":\"https:\\\/\\\/schema.org\",\"@graph\":[{\"@type\":\"WebPage\",\"@id\":\"https:\\\/\\\/ra-lenkeit.de\\\/Fachanwalt-Arbeitsrecht\\\/impressum\\\/\",\"url\":\"https:\\\/\\\/ra-lenkeit.de\\\/Fachanwalt-Arbeitsrecht\\\/impressum\\\/\",\"name\":\"Impressum &#8212; Kanzlei Lenkeit\",\"isPartOf\":{\"@id\":\"https:\\\/\\\/ra-lenkeit.de\\\/Fachanwalt-Arbeitsrecht\\\/#website\"},\"datePublished\":\"2020-06-07T09:51:13+00:00\",\"dateModified\":\"2025-07-04T12:25:25+00:00\",\"description\":\"Mein Impressum - Hier finden Sie das, was Sie sonst noch \u00fcber mich wissen m\u00fcssen\",\"breadcrumb\":{\"@id\":\"https:\\\/\\\/ra-lenkeit.de\\\/Fachanwalt-Arbeitsrecht\\\/impressum\\\/#breadcrumb\"},\"inLanguage\":\"de\",\"potentialAction\":[{\"@type\":\"ReadAction\",\"target\":[\"https:\\\/\\\/ra-lenkeit.de\\\/Fachanwalt-Arbeitsrecht\\\/impressum\\\/\"]}]},{\"@type\":\"BreadcrumbList\",\"@id\":\"https:\\\/\\\/ra-lenkeit.de\\\/Fachanwalt-Arbeitsrecht\\\/impressum\\\/#breadcrumb\",\"itemListElement\":[{\"@type\":\"ListItem\",\"position\":1,\"name\":\"Startseite\",\"item\":\"https:\\\/\\\/ra-lenkeit.de\\\/Fachanwalt-Arbeitsrecht\\\/\"},{\"@type\":\"ListItem\",\"position\":2,\"name\":\"Impressum\"}]},{\"@type\":\"WebSite\",\"@id\":\"https:\\\/\\\/ra-lenkeit.de\\\/Fachanwalt-Arbeitsrecht\\\/#website\",\"url\":\"https:\\\/\\\/ra-lenkeit.de\\\/Fachanwalt-Arbeitsrecht\\\/\",\"name\":\"Kanzlei Lenkeit\",\"description\":\"Ihr Fachanwalt f\u00fcr Arbeitsrecht in Mainz und Alzey\",\"publisher\":{\"@id\":\"https:\\\/\\\/ra-lenkeit.de\\\/Fachanwalt-Arbeitsrecht\\\/#\\\/schema\\\/person\\\/8a38a17414f7aca579571ffdf2ecce82\"},\"potentialAction\":[{\"@type\":\"SearchAction\",\"target\":{\"@type\":\"EntryPoint\",\"urlTemplate\":\"https:\\\/\\\/ra-lenkeit.de\\\/Fachanwalt-Arbeitsrecht\\\/?s={search_term_string}\"},\"query-input\":{\"@type\":\"PropertyValueSpecification\",\"valueRequired\":true,\"valueName\":\"search_term_string\"}}],\"inLanguage\":\"de\"},{\"@type\":[\"Person\",\"Organization\"],\"@id\":\"https:\\\/\\\/ra-lenkeit.de\\\/Fachanwalt-Arbeitsrecht\\\/#\\\/schema\\\/person\\\/8a38a17414f7aca579571ffdf2ecce82\",\"name\":\"61178805\",\"image\":{\"@type\":\"ImageObject\",\"inLanguage\":\"de\",\"@id\":\"https:\\\/\\\/ra-lenkeit.de\\\/wp-content\\\/uploads\\\/2020\\\/06\\\/Logo_Kanzlei-Lenkeit_transparent.png\",\"url\":\"https:\\\/\\\/ra-lenkeit.de\\\/wp-content\\\/uploads\\\/2020\\\/06\\\/Logo_Kanzlei-Lenkeit_transparent.png\",\"contentUrl\":\"https:\\\/\\\/ra-lenkeit.de\\\/wp-content\\\/uploads\\\/2020\\\/06\\\/Logo_Kanzlei-Lenkeit_transparent.png\",\"width\":2409,\"height\":2409,\"caption\":\"61178805\"},\"logo\":{\"@id\":\"https:\\\/\\\/ra-lenkeit.de\\\/wp-content\\\/uploads\\\/2020\\\/06\\\/Logo_Kanzlei-Lenkeit_transparent.png\"},\"sameAs\":[\"http:\\\/\\\/www.ra-lenkeit.de\"]}]}<\/script>\n<!-- \/ Yoast SEO plugin. -->","yoast_head_json":{"title":"Impressum &#8212; Kanzlei Lenkeit","description":"Mein Impressum - Hier finden Sie das, was Sie sonst noch \u00fcber mich wissen m\u00fcssen","robots":{"index":"index","follow":"follow","max-snippet":"max-snippet:-1","max-image-preview":"max-image-preview:large","max-video-preview":"max-video-preview:-1"},"canonical":"https:\/\/ra-lenkeit.de\/Fachanwalt-Arbeitsrecht\/impressum\/","og_locale":"de_DE","og_type":"article","og_title":"Impressum &#8212; Kanzlei Lenkeit","og_description":"Mein Impressum - Hier finden Sie das, was Sie sonst noch \u00fcber mich wissen m\u00fcssen","og_url":"https:\/\/ra-lenkeit.de\/Fachanwalt-Arbeitsrecht\/impressum\/","og_site_name":"Kanzlei Lenkeit","article_modified_time":"2025-07-04T12:25:25+00:00","twitter_card":"summary_large_image","twitter_misc":{"Gesch\u00e4tzte Lesezeit":"3\u00a0Minuten"},"schema":{"@context":"https:\/\/schema.org","@graph":[{"@type":"WebPage","@id":"https:\/\/ra-lenkeit.de\/Fachanwalt-Arbeitsrecht\/impressum\/","url":"https:\/\/ra-lenkeit.de\/Fachanwalt-Arbeitsrecht\/impressum\/","name":"Impressum &#8212; Kanzlei Lenkeit","isPartOf":{"@id":"https:\/\/ra-lenkeit.de\/Fachanwalt-Arbeitsrecht\/#website"},"datePublished":"2020-06-07T09:51:13+00:00","dateModified":"2025-07-04T12:25:25+00:00","description":"Mein Impressum - Hier finden Sie das, was Sie sonst noch \u00fcber mich wissen m\u00fcssen","breadcrumb":{"@id":"https:\/\/ra-lenkeit.de\/Fachanwalt-Arbeitsrecht\/impressum\/#breadcrumb"},"inLanguage":"de","potentialAction":[{"@type":"ReadAction","target":["https:\/\/ra-lenkeit.de\/Fachanwalt-Arbeitsrecht\/impressum\/"]}]},{"@type":"BreadcrumbList","@id":"https:\/\/ra-lenkeit.de\/Fachanwalt-Arbeitsrecht\/impressum\/#breadcrumb","itemListElement":[{"@type":"ListItem","position":1,"name":"Startseite","item":"https:\/\/ra-lenkeit.de\/Fachanwalt-Arbeitsrecht\/"},{"@type":"ListItem","position":2,"name":"Impressum"}]},{"@type":"WebSite","@id":"https:\/\/ra-lenkeit.de\/Fachanwalt-Arbeitsrecht\/#website","url":"https:\/\/ra-lenkeit.de\/Fachanwalt-Arbeitsrecht\/","name":"Kanzlei Lenkeit","description":"Ihr Fachanwalt f\u00fcr Arbeitsrecht in Mainz und Alzey","publisher":{"@id":"https:\/\/ra-lenkeit.de\/Fachanwalt-Arbeitsrecht\/#\/schema\/person\/8a38a17414f7aca579571ffdf2ecce82"},"potentialAction":[{"@type":"SearchAction","target":{"@type":"EntryPoint","urlTemplate":"https:\/\/ra-lenkeit.de\/Fachanwalt-Arbeitsrecht\/?s={search_term_string}"},"query-input":{"@type":"PropertyValueSpecification","valueRequired":true,"valueName":"search_term_string"}}],"inLanguage":"de"},{"@type":["Person","Organization"],"@id":"https:\/\/ra-lenkeit.de\/Fachanwalt-Arbeitsrecht\/#\/schema\/person\/8a38a17414f7aca579571ffdf2ecce82","name":"61178805","image":{"@type":"ImageObject","inLanguage":"de","@id":"https:\/\/ra-lenkeit.de\/wp-content\/uploads\/2020\/06\/Logo_Kanzlei-Lenkeit_transparent.png","url":"https:\/\/ra-lenkeit.de\/wp-content\/uploads\/2020\/06\/Logo_Kanzlei-Lenkeit_transparent.png","contentUrl":"https:\/\/ra-lenkeit.de\/wp-content\/uploads\/2020\/06\/Logo_Kanzlei-Lenkeit_transparent.png","width":2409,"height":2409,"caption":"61178805"},"logo":{"@id":"https:\/\/ra-lenkeit.de\/wp-content\/uploads\/2020\/06\/Logo_Kanzlei-Lenkeit_transparent.png"},"sameAs":["http:\/\/www.ra-lenkeit.de"]}]}},"_links":{"self":[{"href":"https:\/\/ra-lenkeit.de\/Fachanwalt-Arbeitsrecht\/wp-json\/wp\/v2\/pages\/368","targetHints":{"allow":["GET"]}}],"collection":[{"href":"https:\/\/ra-lenkeit.de\/Fachanwalt-Arbeitsrecht\/wp-json\/wp\/v2\/pages"}],"about":[{"href":"https:\/\/ra-lenkeit.de\/Fachanwalt-Arbeitsrecht\/wp-json\/wp\/v2\/types\/page"}],"author":[{"embeddable":true,"href":"https:\/\/ra-lenkeit.de\/Fachanwalt-Arbeitsrecht\/wp-json\/wp\/v2\/users\/1"}],"replies":[{"embeddable":true,"href":"https:\/\/ra-lenkeit.de\/Fachanwalt-Arbeitsrecht\/wp-json\/wp\/v2\/comments?post=368"}],"version-history":[{"count":46,"href":"https:\/\/ra-lenkeit.de\/Fachanwalt-Arbeitsrecht\/wp-json\/wp\/v2\/pages\/368\/revisions"}],"predecessor-version":[{"id":1482,"href":"https:\/\/ra-lenkeit.de\/Fachanwalt-Arbeitsrecht\/wp-json\/wp\/v2\/pages\/368\/revisions\/1482"}],"wp:attachment":[{"href":"https:\/\/ra-lenkeit.de\/Fachanwalt-Arbeitsrecht\/wp-json\/wp\/v2\/media?parent=368"}],"curies":[{"name":"wp","href":"https:\/\/api.w.org\/{rel}","templated":true}]}}